{"id":15190,"date":"2017-04-09T23:38:48","date_gmt":"2017-04-09T23:38:48","guid":{"rendered":"http:\/\/bienesybienes.com\/portal\/?page_id=15190"},"modified":"2020-10-21T18:02:14","modified_gmt":"2020-10-21T23:02:14","slug":"historico-de-proyectos-proyectos-especiales","status":"publish","type":"page","link":"https:\/\/bienesybienes.com\/portal\/historico-de-proyectos-proyectos-especiales\/","title":{"rendered":"Hist\u00f3rico de proyectos &#8211; Proyectos especiales"},"content":{"rendered":"<p><div class=\"fusion-fullwidth fullwidth-box fusion-builder-row-1 nonhundred-percent-fullwidth non-hundred-percent-height-scrolling\" style=\"background-color: #ffffff;background-position: center center;background-repeat: no-repeat;padding-top:0px;padding-right:0px;padding-bottom:0px;padding-left:0px;margin-bottom: 0px;margin-top: 0px;border-width: 0px 0px 0px 0px;border-color:#eae9e9;border-style:solid;\" ><div class=\"fusion-builder-row fusion-row\"><div class=\"fusion-layout-column fusion_builder_column fusion-builder-column-0 fusion_builder_column_1_1 1_1 fusion-one-full fusion-column-first fusion-column-last\" style=\"margin-top:0px;margin-bottom:20px;\"><div class=\"fusion-column-wrapper fusion-flex-column-wrapper-legacy\" style=\"background-position:left top;background-repeat:no-repeat;-webkit-background-size:cover;-moz-background-size:cover;-o-background-size:cover;background-size:cover;padding: 0px 0px 0px 0px;\"><div class=\"fusion-text fusion-text-1\"><ul class=\"fusion-filters clearfix\" style=\"display: block;\">\n<li class=\"fusion-filter\"><a href=\"http:\/\/bienesybienes.com\/portal\/historico-de-proyectos-1985-1990\/\">1985-1990<\/a><\/li>\n<li class=\"fusion-filter\"><a href=\"http:\/\/bienesybienes.com\/portal\/historico-de-proyectos-1991-1995\/\">1991-1995<\/a><\/li>\n<li class=\"fusion-filter\"><a href=\"http:\/\/bienesybienes.com\/portal\/historico-de-proyectos-1996-2000\/\">1996-2000<\/a><\/li>\n<li class=\"fusion-filter\"><a href=\"http:\/\/bienesybienes.com\/portal\/historico-de-proyectos-2001-2005\/\">2001-2005<\/a><\/li>\n<li class=\"fusion-filter\"><a href=\"http:\/\/bienesybienes.com\/portal\/historico-de-proyectos-2006-2010\/\">2006-2010<\/a><\/li>\n<li class=\"fusion-filter\"><a href=\"http:\/\/bienesybienes.com\/portal\/historico-de-proyectos-2011-2015\/\">2011-2015<\/a><\/li>\n<li class=\"fusion-filter\"><a href=\"http:\/\/bienesybienes.com\/portal\/historico-de-proyectos-en-ejecucion\/\">En ejecuci\u00f3n<\/a><\/li>\n<li class=\"fusion-filter fusion-active\"><a href=\"http:\/\/bienesybienes.com\/portal\/historico-de-proyectos-proyectos-especiales\/\">Proyectos especiales<\/a><\/li>\n<\/ul>\n<\/div><style type=\"text\/css\"><\/style><div class=\"fusion-title title fusion-title-1 fusion-title-center fusion-title-text fusion-title-size-two\" style=\"font-size:25px;margin-top:0px;margin-right:0px;margin-bottom:30px;margin-left:0px;\"><div class=\"title-sep-container title-sep-container-left\"><div class=\"title-sep sep-double sep-solid\" style=\"border-color:#e0dede;\"><\/div><\/div><h2 class=\"title-heading-center fusion-responsive-typography-calculated\" style=\"margin:0;font-size:1em;--fontSize:25;line-height:1.5;\"><span data-sheets-value=\"{&quot;1&quot;:2,&quot;2&quot;:&quot;La Estrada (2007)&quot;}\" data-sheets-userformat=\"{&quot;2&quot;:15357,&quot;3&quot;:{&quot;1&quot;:0},&quot;5&quot;:{&quot;1&quot;:&#091;{&quot;1&quot;:2,&quot;2&quot;:0,&quot;5&quot;:&#091;null,2,0&#093;},{&quot;1&quot;:0,&quot;2&quot;:0,&quot;3&quot;:3},{&quot;1&quot;:1,&quot;2&quot;:0,&quot;4&quot;:1}&#093;},&quot;6&quot;:{&quot;1&quot;:&#091;{&quot;1&quot;:2,&quot;2&quot;:0,&quot;5&quot;:&#091;null,2,0&#093;},{&quot;1&quot;:0,&quot;2&quot;:0,&quot;3&quot;:3},{&quot;1&quot;:1,&quot;2&quot;:0,&quot;4&quot;:1}&#093;},&quot;7&quot;:{&quot;1&quot;:&#091;{&quot;1&quot;:2,&quot;2&quot;:0,&quot;5&quot;:&#091;null,2,0&#093;},{&quot;1&quot;:0,&quot;2&quot;:0,&quot;3&quot;:3},{&quot;1&quot;:1,&quot;2&quot;:0,&quot;4&quot;:1}&#093;},&quot;8&quot;:{&quot;1&quot;:&#091;{&quot;1&quot;:2,&quot;2&quot;:0,&quot;5&quot;:&#091;null,2,0&#093;},{&quot;1&quot;:0,&quot;2&quot;:0,&quot;3&quot;:3},{&quot;1&quot;:1,&quot;2&quot;:0,&quot;4&quot;:1}&#093;},&quot;9&quot;:1,&quot;10&quot;:1,&quot;11&quot;:4,&quot;12&quot;:0,&quot;14&quot;:&#091;null,2,0&#093;,&quot;15&quot;:&quot;Montserrat&quot;,&quot;16&quot;:9}\">La Estrada (2007)<\/span><\/h2><div class=\"title-sep-container title-sep-container-right\"><div class=\"title-sep sep-double sep-solid\" style=\"border-color:#e0dede;\"><\/div><\/div><\/div><div class=\"fusion-clearfix\"><\/div><\/div><\/div><\/div><\/div><div class=\"fusion-fullwidth fullwidth-box fusion-builder-row-2 hundred-percent-fullwidth non-hundred-percent-height-scrolling\" style=\"background-color: #ffffff;background-position: center center;background-repeat: no-repeat;padding-top:20px;padding-right:0px;padding-bottom:20px;padding-left:0px;margin-bottom: 0px;margin-top: 0px;border-width: 0px 0px 0px 0px;border-color:#eae9e9;border-style:solid;\" ><div class=\"fusion-builder-row fusion-row\"><div class=\"fusion-layout-column fusion_builder_column fusion-builder-column-1 fusion_builder_column_1_1 1_1 fusion-one-full fusion-column-first fusion-column-last\" style=\"margin-top:0px;margin-bottom:20px;\"><div class=\"fusion-column-wrapper fusion-flex-column-wrapper-legacy\" style=\"background-position:left top;background-repeat:no-repeat;-webkit-background-size:cover;-moz-background-size:cover;-o-background-size:cover;background-size:cover;padding: 0px 0px 0px 0px;\">\n<div class=\"fusion-slider-revolution rev_slider_wrapper\">\t\t\t<!-- START HistoricoProyectosEspeciales REVOLUTION SLIDER 6.6.12 --><p class=\"rs-p-wp-fix\"><\/p>\n\t\t\t<rs-module-wrap id=\"rev_slider_57_1_wrapper\" data-source=\"gallery\" style=\"visibility:hidden;background:#06664f;padding:0;margin:0px auto;margin-top:0;margin-bottom:0;\">\n\t\t\t\t<rs-module id=\"rev_slider_57_1\" style=\"\" data-version=\"6.6.12\">\n\t\t\t\t\t<rs-slides style=\"overflow: hidden; position: absolute;\">\n\t\t\t\t\t\t<rs-slide style=\"position: absolute;\" data-key=\"rs-442\" data-title=\"tesoro\" data-thumb=\"\/\/bienesybienes.com\/portal\/wp-content\/uploads\/2017\/03\/PARQUE-COMERCIAL-EL-TESORO-2000-120x120.jpg\" data-anim=\"adpr:false;\">\n\t\t\t\t\t\t\t<img src=\"\/\/bienesybienes.com\/portal\/wp-content\/plugins\/revslider\/public\/assets\/assets\/dummy.png\" alt=\"APARTAMENTOS EN MEDELLIN - PARQUE COMERCIAL EL TESORO\" title=\"PARQUE-COMERCIAL-EL-TESORO-2000\" width=\"1920\" height=\"1280\" class=\"rev-slidebg tp-rs-img rs-lazyload\" data-lazyload=\"\/\/bienesybienes.com\/portal\/wp-content\/uploads\/2017\/03\/PARQUE-COMERCIAL-EL-TESORO-2000.jpg\" data-panzoom=\"d:30000;ss:100;se:120;\" data-no-retina>\n<!--\n\t\t\t\t\t\t\t--><rs-layer\n\t\t\t\t\t\t\t\tid=\"slider-57-slide-442-layer-2\" \n\t\t\t\t\t\t\t\tclass=\"tp-gradientstyle tp-shape tp-shapewrapper\"\n\t\t\t\t\t\t\t\tdata-type=\"shape\"\n\t\t\t\t\t\t\t\tdata-rsp_ch=\"on\"\n\t\t\t\t\t\t\t\tdata-xy=\"x:c;y:b;\"\n\t\t\t\t\t\t\t\tdata-text=\"fw:500;\"\n\t\t\t\t\t\t\t\tdata-dim=\"w:100%;h:349,349,349,250px;\"\n\t\t\t\t\t\t\t\tdata-basealign=\"slide\"\n\t\t\t\t\t\t\t\tdata-frame_0=\"y:50px;tp:600;\"\n\t\t\t\t\t\t\t\tdata-frame_1=\"tp:600;e:power4.out;st:0;sp:2000;\"\n\t\t\t\t\t\t\t\tdata-frame_999=\"o:0;tp:600;e:nothing;st:w;sR:7000;\"\n\t\t\t\t\t\t\t\tstyle=\"z-index:5;background:linear-gradient(rgba(10,10,10,0) 0%, rgba(10,10,10,1) 100%);\"\n\t\t\t\t\t\t\t> \n\t\t\t\t\t\t\t<\/rs-layer><!--\n\n\t\t\t\t\t\t\t--><a\n\t\t\t\t\t\t\t\tid=\"slider-57-slide-442-layer-1\" \n\t\t\t\t\t\t\t\tclass=\"rs-layer small_text\"\n\t\t\t\t\t\t\t\thref=\"#\" target=\"_self\"\n\t\t\t\t\t\t\t\tdata-type=\"text\"\n\t\t\t\t\t\t\t\tdata-color=\"#fff||rgba(255, 255, 255, 1)||rgba(255, 255, 255, 1)||rgba(255, 255, 255, 1)\"\n\t\t\t\t\t\t\t\tdata-rsp_ch=\"on\"\n\t\t\t\t\t\t\t\tdata-xy=\"xo:39px,40px,31px,21px;y:b;yo:127px,111px,144px,187px;\"\n\t\t\t\t\t\t\t\tdata-text=\"w:normal;s:25,25,25,20;l:20,40,25,20;fw:700,400,400,400;\"\n\t\t\t\t\t\t\t\tdata-dim=\"w:580px,480px,340px,260px;\"\n\t\t\t\t\t\t\t\tdata-basealign=\"slide\"\n\t\t\t\t\t\t\t\tdata-frame_0=\"y:20px;tp:600;\"\n\t\t\t\t\t\t\t\tdata-frame_1=\"tp:600;e:power4.out;st:200;sp:2000;sR:200;\"\n\t\t\t\t\t\t\t\tdata-frame_999=\"o:0;tp:600;e:nothing;st:w;sR:6800;\"\n\t\t\t\t\t\t\t\tstyle=\"z-index:6;font-family:'Karla';position:absolute;text-shadow:0px 2px 5px rgba(0, 0, 0, 0.5);white-space:nowrap;\"\n\t\t\t\t\t\t\t>PARQUE COMERCIAL EL TESORO (2000) \n\t\t\t\t\t\t\t<\/a><!--\n\n\t\t\t\t\t\t\t--><rs-layer\n\t\t\t\t\t\t\t\tid=\"slider-57-slide-442-layer-3\" \n\t\t\t\t\t\t\t\tdata-type=\"text\"\n\t\t\t\t\t\t\t\tdata-color=\"#ffffff||rgba(255, 255, 255, 0.75)||rgba(255, 255, 255, 0.75)||rgba(255, 255, 255, 0.75)\"\n\t\t\t\t\t\t\t\tdata-rsp_ch=\"on\"\n\t\t\t\t\t\t\t\tdata-xy=\"xo:40px,40px,30px,20px;y:b;yo:35px,35px,20px,20px;\"\n\t\t\t\t\t\t\t\tdata-text=\"w:normal;s:15;l:20;fw:500;\"\n\t\t\t\t\t\t\t\tdata-dim=\"w:580px,480px,340px,260px;\"\n\t\t\t\t\t\t\t\tdata-basealign=\"slide\"\n\t\t\t\t\t\t\t\tdata-frame_0=\"y:20px;tp:600;\"\n\t\t\t\t\t\t\t\tdata-frame_1=\"tp:600;e:power4.out;st:400;sp:2000;sR:400;\"\n\t\t\t\t\t\t\t\tdata-frame_999=\"o:0;tp:600;e:nothing;st:w;sR:6600;\"\n\t\t\t\t\t\t\t\tstyle=\"z-index:7;font-family:'Roboto';\"\n\t\t\t\t\t\t\t>Desde finales de 1996 gestamos en la ciudad de Medell\u00edn el Parque Comercial El Tesoro, primer centro comercial asociativo y al costo del pa\u00eds.  Fue promovido, gerenciado y vendido  por BIENES & BIENES S.A.  Actualmente es el principal centro comercial de la ciudad. \n \n\t\t\t\t\t\t\t<\/rs-layer><!--\n\n\t\t\t\t\t\t\t--><rs-layer\n\t\t\t\t\t\t\t\tid=\"slider-57-slide-442-layer-4\" \n\t\t\t\t\t\t\t\tclass=\"rs-svg\"\n\t\t\t\t\t\t\t\tdata-type=\"svg\"\n\t\t\t\t\t\t\t\tdata-color=\"rgba(255, 255, 255, 0.5)\"\n\t\t\t\t\t\t\t\tdata-rsp_ch=\"on\"\n\t\t\t\t\t\t\t\tdata-xy=\"xo:721px,620px,510px,367px;y:b;yo:29px,29px,9px,16px;\"\n\t\t\t\t\t\t\t\tdata-text=\"fw:500;\"\n\t\t\t\t\t\t\t\tdata-dim=\"w:50px;h:50px;\"\n\t\t\t\t\t\t\t\tdata-vbility=\"t,t,f,f\"\n\t\t\t\t\t\t\t\tdata-actions='o:click;a:togglefullscreen;'\n\t\t\t\t\t\t\t\tdata-svg_src=\"\/\/bienesybienes.com\/portal\/wp-content\/plugins\/revslider\/public\/assets\/assets\/svg\/navigation\/ic_fullscreen_36px.svg\"\n\t\t\t\t\t\t\t\tdata-svgi=\"c:rgba(255, 255, 255, 0.5);\"\n\t\t\t\t\t\t\t\tdata-svgh=\"c:rgba(255, 255, 255, 1);\"\n\t\t\t\t\t\t\t\tdata-basealign=\"slide\"\n\t\t\t\t\t\t\t\tdata-frame_0=\"y:20px;tp:600;\"\n\t\t\t\t\t\t\t\tdata-frame_1=\"tp:600;e:power4.out;st:600;sp:2000;sR:600;\"\n\t\t\t\t\t\t\t\tdata-frame_999=\"o:0;tp:600;e:nothing;st:w;sR:6400;\"\n\t\t\t\t\t\t\t\tdata-frame_hover=\"c:#fff;oX:50;oY:50;sp:150;e:power2.inOut;\"\n\t\t\t\t\t\t\t\tstyle=\"z-index:8;font-family:'';cursor:pointer;\"\n\t\t\t\t\t\t\t>\n\t\t\t\t\t\t\t\t<div class=\"rs-untoggled-content\"> <\/div>\n\t\t\t\t\t\t\t\t<div class=\"rs-toggled-content\"><\/div>\n\t\t\t\t\t\t\t<\/rs-layer><!--\n-->\t\t\t\t\t\t<\/rs-slide>\n\t\t\t\t\t\t<rs-slide style=\"position: absolute;\" data-key=\"rs-435\" data-title=\"La Estrada\" data-thumb=\"\/\/bienesybienes.com\/portal\/wp-content\/uploads\/2017\/03\/LA-STRADA-2007-120x120.jpg\" data-anim=\"adpr:false;\">\n\t\t\t\t\t\t\t<img src=\"\/\/bienesybienes.com\/portal\/wp-content\/plugins\/revslider\/public\/assets\/assets\/dummy.png\" alt=\"APARTAMENTOS EN MEDELLIN - LA STRADA\" title=\"LA-STRADA-2007\" width=\"1920\" height=\"1280\" class=\"rev-slidebg tp-rs-img rs-lazyload\" data-lazyload=\"\/\/bienesybienes.com\/portal\/wp-content\/uploads\/2017\/03\/LA-STRADA-2007.jpg\" data-panzoom=\"d:30000;ss:100;se:120;\" data-no-retina>\n<!--\n\t\t\t\t\t\t\t--><rs-layer\n\t\t\t\t\t\t\t\tid=\"slider-57-slide-435-layer-2\" \n\t\t\t\t\t\t\t\tclass=\"tp-gradientstyle tp-shape tp-shapewrapper\"\n\t\t\t\t\t\t\t\tdata-type=\"shape\"\n\t\t\t\t\t\t\t\tdata-rsp_ch=\"on\"\n\t\t\t\t\t\t\t\tdata-xy=\"x:c;xo:1px,1px,1px,0;y:b;\"\n\t\t\t\t\t\t\t\tdata-text=\"fw:500;\"\n\t\t\t\t\t\t\t\tdata-dim=\"w:100%;h:346px,346px,346px,250px;\"\n\t\t\t\t\t\t\t\tdata-basealign=\"slide\"\n\t\t\t\t\t\t\t\tdata-frame_0=\"y:50px;tp:600;\"\n\t\t\t\t\t\t\t\tdata-frame_1=\"tp:600;e:power4.out;st:0;sp:2000;\"\n\t\t\t\t\t\t\t\tdata-frame_999=\"o:0;tp:600;e:nothing;st:w;sR:7000;\"\n\t\t\t\t\t\t\t\tstyle=\"z-index:5;background:linear-gradient(rgba(10,10,10,0) 0%, rgba(10,10,10,1) 100%);\"\n\t\t\t\t\t\t\t> \n\t\t\t\t\t\t\t<\/rs-layer><!--\n\n\t\t\t\t\t\t\t--><a\n\t\t\t\t\t\t\t\tid=\"slider-57-slide-435-layer-1\" \n\t\t\t\t\t\t\t\tclass=\"rs-layer small_text\"\n\t\t\t\t\t\t\t\thref=\"#\" target=\"_self\"\n\t\t\t\t\t\t\t\tdata-type=\"text\"\n\t\t\t\t\t\t\t\tdata-color=\"#fff||rgba(255, 255, 255, 1)||rgba(255, 255, 255, 1)||rgba(255, 255, 255, 1)\"\n\t\t\t\t\t\t\t\tdata-rsp_ch=\"on\"\n\t\t\t\t\t\t\t\tdata-xy=\"xo:40px,40px,29px,19px;y:b;yo:124px,119px,148px,193px;\"\n\t\t\t\t\t\t\t\tdata-text=\"w:normal;s:25,25,25,20;l:20,40,25,20;fw:700,400,400,700;\"\n\t\t\t\t\t\t\t\tdata-dim=\"w:580px,480px,340px,260px;\"\n\t\t\t\t\t\t\t\tdata-basealign=\"slide\"\n\t\t\t\t\t\t\t\tdata-frame_0=\"y:20px;tp:600;\"\n\t\t\t\t\t\t\t\tdata-frame_1=\"tp:600;e:power4.out;st:200;sp:2000;sR:200;\"\n\t\t\t\t\t\t\t\tdata-frame_999=\"o:0;tp:600;e:nothing;st:w;sR:6800;\"\n\t\t\t\t\t\t\t\tstyle=\"z-index:6;font-family:'Karla';position:absolute;text-shadow:0px 2px 5px rgba(0, 0, 0, 0.5);white-space:nowrap;\"\n\t\t\t\t\t\t\t>LA ESTRADA (2007)\n \n\t\t\t\t\t\t\t<\/a><!--\n\n\t\t\t\t\t\t\t--><rs-layer\n\t\t\t\t\t\t\t\tid=\"slider-57-slide-435-layer-3\" \n\t\t\t\t\t\t\t\tdata-type=\"text\"\n\t\t\t\t\t\t\t\tdata-color=\"#ffffff||rgba(255, 255, 255, 0.75)||rgba(255, 255, 255, 0.75)||rgba(255, 255, 255, 0.75)\"\n\t\t\t\t\t\t\t\tdata-rsp_ch=\"on\"\n\t\t\t\t\t\t\t\tdata-xy=\"xo:40px,40px,30px,20px;y:b;yo:35px,35px,20px,20px;\"\n\t\t\t\t\t\t\t\tdata-text=\"w:normal;s:15;l:20;fw:500;\"\n\t\t\t\t\t\t\t\tdata-dim=\"w:580px,480px,340px,260px;\"\n\t\t\t\t\t\t\t\tdata-basealign=\"slide\"\n\t\t\t\t\t\t\t\tdata-frame_0=\"y:20px;tp:600;\"\n\t\t\t\t\t\t\t\tdata-frame_1=\"tp:600;e:power4.out;st:400;sp:2000;sR:400;\"\n\t\t\t\t\t\t\t\tdata-frame_999=\"o:0;tp:600;e:nothing;st:w;sR:6600;\"\n\t\t\t\t\t\t\t\tstyle=\"z-index:7;font-family:'Roboto';\"\n\t\t\t\t\t\t\t>Es un complejo comercial en el cual se combina el exclusivo comercio, restaurantes y el Hotel Holiday Inn Express, en la Milla de Oro de El Poblado, frente al Centro Santillana,  en un lote adquirido a Bancolombia. Consta de 40 locales y 96 habitaciones.\n\n  \n\t\t\t\t\t\t\t<\/rs-layer><!--\n\n\t\t\t\t\t\t\t--><rs-layer\n\t\t\t\t\t\t\t\tid=\"slider-57-slide-435-layer-4\" \n\t\t\t\t\t\t\t\tclass=\"rs-svg\"\n\t\t\t\t\t\t\t\tdata-type=\"svg\"\n\t\t\t\t\t\t\t\tdata-color=\"rgba(255, 255, 255, 0.5)\"\n\t\t\t\t\t\t\t\tdata-rsp_ch=\"on\"\n\t\t\t\t\t\t\t\tdata-xy=\"xo:721px,620px,510px,367px;y:b;yo:29px,29px,9px,16px;\"\n\t\t\t\t\t\t\t\tdata-text=\"fw:500;\"\n\t\t\t\t\t\t\t\tdata-dim=\"w:50px;h:50px;\"\n\t\t\t\t\t\t\t\tdata-vbility=\"t,t,f,f\"\n\t\t\t\t\t\t\t\tdata-actions='o:click;a:togglefullscreen;'\n\t\t\t\t\t\t\t\tdata-svg_src=\"\/\/bienesybienes.com\/portal\/wp-content\/plugins\/revslider\/public\/assets\/assets\/svg\/navigation\/ic_fullscreen_24px.svg\"\n\t\t\t\t\t\t\t\tdata-svgi=\"c:rgba(255, 255, 255, 0.5);\"\n\t\t\t\t\t\t\t\tdata-svgh=\"c:rgba(255, 255, 255, 1);\"\n\t\t\t\t\t\t\t\tdata-basealign=\"slide\"\n\t\t\t\t\t\t\t\tdata-frame_0=\"y:20px;tp:600;\"\n\t\t\t\t\t\t\t\tdata-frame_1=\"tp:600;e:power4.out;st:600;sp:2000;sR:600;\"\n\t\t\t\t\t\t\t\tdata-frame_999=\"o:0;tp:600;e:nothing;st:w;sR:6400;\"\n\t\t\t\t\t\t\t\tdata-frame_hover=\"c:#fff;oX:50;oY:50;sp:150;e:power2.inOut;\"\n\t\t\t\t\t\t\t\tstyle=\"z-index:8;font-family:'';cursor:pointer;\"\n\t\t\t\t\t\t\t>\n\t\t\t\t\t\t\t\t<div class=\"rs-untoggled-content\"> <\/div>\n\t\t\t\t\t\t\t\t<div class=\"rs-toggled-content\"><\/div>\n\t\t\t\t\t\t\t<\/rs-layer><!--\n-->\t\t\t\t\t\t<\/rs-slide>\n\t\t\t\t\t\t<rs-slide style=\"position: absolute;\" data-key=\"rs-441\" data-title=\"Estelar\" data-thumb=\"\/\/bienesybienes.com\/portal\/wp-content\/uploads\/2017\/03\/BLUE-2008-120x120.jpg\" data-anim=\"adpr:false;\">\n\t\t\t\t\t\t\t<img src=\"\/\/bienesybienes.com\/portal\/wp-content\/plugins\/revslider\/public\/assets\/assets\/dummy.png\" alt=\"APARTAMENTOS EN MEDELLIN - BLUE\" title=\"BLUE-2008\" width=\"1920\" height=\"1280\" class=\"rev-slidebg tp-rs-img rs-lazyload\" data-lazyload=\"\/\/bienesybienes.com\/portal\/wp-content\/uploads\/2017\/03\/BLUE-2008.jpg\" data-panzoom=\"d:30000;ss:100;se:120;\" data-no-retina>\n<!--\n\t\t\t\t\t\t\t--><rs-layer\n\t\t\t\t\t\t\t\tid=\"slider-57-slide-441-layer-2\" \n\t\t\t\t\t\t\t\tclass=\"tp-gradientstyle tp-shape tp-shapewrapper\"\n\t\t\t\t\t\t\t\tdata-type=\"shape\"\n\t\t\t\t\t\t\t\tdata-rsp_ch=\"on\"\n\t\t\t\t\t\t\t\tdata-xy=\"x:c;xo:1px,1px,1px,0;y:b;\"\n\t\t\t\t\t\t\t\tdata-text=\"fw:500;\"\n\t\t\t\t\t\t\t\tdata-dim=\"w:100%;h:346px,346px,346px,250px;\"\n\t\t\t\t\t\t\t\tdata-basealign=\"slide\"\n\t\t\t\t\t\t\t\tdata-frame_0=\"y:50px;tp:600;\"\n\t\t\t\t\t\t\t\tdata-frame_1=\"tp:600;e:power4.out;st:0;sp:2000;\"\n\t\t\t\t\t\t\t\tdata-frame_999=\"o:0;tp:600;e:nothing;st:w;sR:7000;\"\n\t\t\t\t\t\t\t\tstyle=\"z-index:5;background:linear-gradient(rgba(10,10,10,0) 0%, rgba(10,10,10,1) 100%);\"\n\t\t\t\t\t\t\t> \n\t\t\t\t\t\t\t<\/rs-layer><!--\n\n\t\t\t\t\t\t\t--><a\n\t\t\t\t\t\t\t\tid=\"slider-57-slide-441-layer-1\" \n\t\t\t\t\t\t\t\tclass=\"rs-layer small_text\"\n\t\t\t\t\t\t\t\thref=\"#\" target=\"_self\"\n\t\t\t\t\t\t\t\tdata-type=\"text\"\n\t\t\t\t\t\t\t\tdata-color=\"#fff||rgba(255, 255, 255, 1)||rgba(255, 255, 255, 1)||rgba(255, 255, 255, 1)\"\n\t\t\t\t\t\t\t\tdata-rsp_ch=\"on\"\n\t\t\t\t\t\t\t\tdata-xy=\"xo:40px,39px,30px,21px;y:b;yo:91px,86px,86px,106px;\"\n\t\t\t\t\t\t\t\tdata-text=\"w:normal;s:25,25,25,20;l:20,40,25,20;fw:700,400,400,700;\"\n\t\t\t\t\t\t\t\tdata-dim=\"w:580px,480px,340px,260px;\"\n\t\t\t\t\t\t\t\tdata-basealign=\"slide\"\n\t\t\t\t\t\t\t\tdata-frame_0=\"y:20px;tp:600;\"\n\t\t\t\t\t\t\t\tdata-frame_1=\"tp:600;e:power4.out;st:200;sp:2000;sR:200;\"\n\t\t\t\t\t\t\t\tdata-frame_999=\"o:0;tp:600;e:nothing;st:w;sR:6800;\"\n\t\t\t\t\t\t\t\tstyle=\"z-index:6;font-family:'Karla';position:absolute;text-shadow:0px 2px 5px rgba(0, 0, 0, 0.5);white-space:nowrap;\"\n\t\t\t\t\t\t\t>ESTELAR BLUE (2008)\n \n\t\t\t\t\t\t\t<\/a><!--\n\n\t\t\t\t\t\t\t--><rs-layer\n\t\t\t\t\t\t\t\tid=\"slider-57-slide-441-layer-3\" \n\t\t\t\t\t\t\t\tdata-type=\"text\"\n\t\t\t\t\t\t\t\tdata-color=\"#ffffff||rgba(255, 255, 255, 0.75)||rgba(255, 255, 255, 0.75)||rgba(255, 255, 255, 0.75)\"\n\t\t\t\t\t\t\t\tdata-rsp_ch=\"on\"\n\t\t\t\t\t\t\t\tdata-xy=\"xo:40px,40px,30px,20px;y:b;yo:35px,35px,20px,20px;\"\n\t\t\t\t\t\t\t\tdata-text=\"w:normal;s:15;l:20;fw:500;\"\n\t\t\t\t\t\t\t\tdata-dim=\"w:580px,480px,340px,260px;\"\n\t\t\t\t\t\t\t\tdata-basealign=\"slide\"\n\t\t\t\t\t\t\t\tdata-frame_0=\"y:20px;tp:600;\"\n\t\t\t\t\t\t\t\tdata-frame_1=\"tp:600;e:power4.out;st:400;sp:2000;sR:400;\"\n\t\t\t\t\t\t\t\tdata-frame_999=\"o:0;tp:600;e:nothing;st:w;sR:6600;\"\n\t\t\t\t\t\t\t\tstyle=\"z-index:7;font-family:'Roboto';\"\n\t\t\t\t\t\t\t>Un proyecto de 134 aparta suites en el sector de San Fernando Plaza. Operado por Hoteles Estelar. Financiado por Colpatria. \n\t\t\t\t\t\t\t<\/rs-layer><!--\n\n\t\t\t\t\t\t\t--><rs-layer\n\t\t\t\t\t\t\t\tid=\"slider-57-slide-441-layer-4\" \n\t\t\t\t\t\t\t\tclass=\"rs-svg\"\n\t\t\t\t\t\t\t\tdata-type=\"svg\"\n\t\t\t\t\t\t\t\tdata-color=\"rgba(255, 255, 255, 0.5)\"\n\t\t\t\t\t\t\t\tdata-rsp_ch=\"on\"\n\t\t\t\t\t\t\t\tdata-xy=\"xo:721px,620px,510px,367px;y:b;yo:29px,29px,9px,16px;\"\n\t\t\t\t\t\t\t\tdata-text=\"fw:500;\"\n\t\t\t\t\t\t\t\tdata-dim=\"w:50px;h:50px;\"\n\t\t\t\t\t\t\t\tdata-vbility=\"t,t,f,f\"\n\t\t\t\t\t\t\t\tdata-actions='o:click;a:togglefullscreen;'\n\t\t\t\t\t\t\t\tdata-svg_src=\"\/\/bienesybienes.com\/portal\/wp-content\/plugins\/revslider\/public\/assets\/assets\/svg\/navigation\/ic_fullscreen_24px.svg\"\n\t\t\t\t\t\t\t\tdata-svgi=\"c:rgba(255, 255, 255, 0.5);\"\n\t\t\t\t\t\t\t\tdata-svgh=\"c:rgba(255, 255, 255, 1);\"\n\t\t\t\t\t\t\t\tdata-basealign=\"slide\"\n\t\t\t\t\t\t\t\tdata-frame_0=\"y:20px;tp:600;\"\n\t\t\t\t\t\t\t\tdata-frame_1=\"tp:600;e:power4.out;st:600;sp:2000;sR:600;\"\n\t\t\t\t\t\t\t\tdata-frame_999=\"o:0;tp:600;e:nothing;st:w;sR:6400;\"\n\t\t\t\t\t\t\t\tdata-frame_hover=\"c:#fff;oX:50;oY:50;sp:150;e:power2.inOut;\"\n\t\t\t\t\t\t\t\tstyle=\"z-index:8;font-family:'';cursor:pointer;\"\n\t\t\t\t\t\t\t>\n\t\t\t\t\t\t\t\t<div class=\"rs-untoggled-content\"> <\/div>\n\t\t\t\t\t\t\t\t<div class=\"rs-toggled-content\"><\/div>\n\t\t\t\t\t\t\t<\/rs-layer><!--\n-->\t\t\t\t\t\t<\/rs-slide>\n\t\t\t\t\t\t<rs-slide style=\"position: absolute;\" data-key=\"rs-440\" data-title=\"One plaza\" data-thumb=\"\/\/bienesybienes.com\/portal\/wp-content\/uploads\/2017\/04\/foto-One-plaza-120x120.jpg\" data-anim=\"adpr:false;\">\n\t\t\t\t\t\t\t<img src=\"\/\/bienesybienes.com\/portal\/wp-content\/plugins\/revslider\/public\/assets\/assets\/dummy.png\" alt=\"\" title=\"foto-One-plaza\" width=\"1920\" height=\"1080\" class=\"rev-slidebg tp-rs-img rs-lazyload\" data-lazyload=\"\/\/bienesybienes.com\/portal\/wp-content\/uploads\/2017\/04\/foto-One-plaza.jpg\" data-panzoom=\"d:30000;ss:100;se:120;\" data-no-retina>\n<!--\n\t\t\t\t\t\t\t--><rs-layer\n\t\t\t\t\t\t\t\tid=\"slider-57-slide-440-layer-2\" \n\t\t\t\t\t\t\t\tclass=\"tp-gradientstyle tp-shape tp-shapewrapper\"\n\t\t\t\t\t\t\t\tdata-type=\"shape\"\n\t\t\t\t\t\t\t\tdata-rsp_ch=\"on\"\n\t\t\t\t\t\t\t\tdata-xy=\"x:c;y:b;\"\n\t\t\t\t\t\t\t\tdata-text=\"fw:500;\"\n\t\t\t\t\t\t\t\tdata-dim=\"w:100%;h:349,349,349,250px;\"\n\t\t\t\t\t\t\t\tdata-basealign=\"slide\"\n\t\t\t\t\t\t\t\tdata-frame_0=\"y:50px;tp:600;\"\n\t\t\t\t\t\t\t\tdata-frame_1=\"tp:600;e:power4.out;st:0;sp:2000;\"\n\t\t\t\t\t\t\t\tdata-frame_999=\"o:0;tp:600;e:nothing;st:w;sR:7000;\"\n\t\t\t\t\t\t\t\tstyle=\"z-index:5;background:linear-gradient(rgba(10,10,10,0) 0%, rgba(10,10,10,1) 100%);\"\n\t\t\t\t\t\t\t> \n\t\t\t\t\t\t\t<\/rs-layer><!--\n\n\t\t\t\t\t\t\t--><a\n\t\t\t\t\t\t\t\tid=\"slider-57-slide-440-layer-1\" \n\t\t\t\t\t\t\t\tclass=\"rs-layer small_text\"\n\t\t\t\t\t\t\t\thref=\"#\" target=\"_self\"\n\t\t\t\t\t\t\t\tdata-type=\"text\"\n\t\t\t\t\t\t\t\tdata-color=\"#fff||rgba(255, 255, 255, 1)||rgba(255, 255, 255, 1)||rgba(255, 255, 255, 1)\"\n\t\t\t\t\t\t\t\tdata-rsp_ch=\"on\"\n\t\t\t\t\t\t\t\tdata-xy=\"xo:40px,42px,29px,20px;y:b;yo:104px,118px,125px,169px;\"\n\t\t\t\t\t\t\t\tdata-text=\"w:normal;s:25,25,25,20;l:20,40,25,20;fw:700,400,400,400;\"\n\t\t\t\t\t\t\t\tdata-dim=\"w:580px,480px,340px,260px;\"\n\t\t\t\t\t\t\t\tdata-basealign=\"slide\"\n\t\t\t\t\t\t\t\tdata-frame_0=\"y:20px;tp:600;\"\n\t\t\t\t\t\t\t\tdata-frame_1=\"tp:600;e:power4.out;st:200;sp:2000;sR:200;\"\n\t\t\t\t\t\t\t\tdata-frame_999=\"o:0;tp:600;e:nothing;st:w;sR:6800;\"\n\t\t\t\t\t\t\t\tstyle=\"z-index:6;font-family:'Karla';position:absolute;text-shadow:0px 2px 5px rgba(0, 0, 0, 0.5);white-space:nowrap;\"\n\t\t\t\t\t\t\t>ONE PLAZA (2016) \n\t\t\t\t\t\t\t<\/a><!--\n\n\t\t\t\t\t\t\t--><rs-layer\n\t\t\t\t\t\t\t\tid=\"slider-57-slide-440-layer-3\" \n\t\t\t\t\t\t\t\tdata-type=\"text\"\n\t\t\t\t\t\t\t\tdata-color=\"#ffffff||rgba(255, 255, 255, 0.75)||rgba(255, 255, 255, 0.75)||rgba(255, 255, 255, 0.75)\"\n\t\t\t\t\t\t\t\tdata-rsp_ch=\"on\"\n\t\t\t\t\t\t\t\tdata-xy=\"xo:40px,40px,30px,20px;y:b;yo:35px,35px,20px,20px;\"\n\t\t\t\t\t\t\t\tdata-text=\"w:normal;s:15;l:20;fw:500;\"\n\t\t\t\t\t\t\t\tdata-dim=\"w:580px,480px,340px,260px;\"\n\t\t\t\t\t\t\t\tdata-basealign=\"slide\"\n\t\t\t\t\t\t\t\tdata-frame_0=\"y:20px;tp:600;\"\n\t\t\t\t\t\t\t\tdata-frame_1=\"tp:600;e:power4.out;st:400;sp:2000;sR:400;\"\n\t\t\t\t\t\t\t\tdata-frame_999=\"o:0;tp:600;e:nothing;st:w;sR:6600;\"\n\t\t\t\t\t\t\t\tstyle=\"z-index:7;font-family:'Roboto';\"\n\t\t\t\t\t\t\t>Con la visi\u00f3n de una ciudad cosmopolita, desarrollada y competitiva, se construye en Medell\u00edn, One Plaza Business Center. Ubicado en la Milla de Oro, el centro empresarial y financiero m\u00e1s importante de la ciudad.  \n\t\t\t\t\t\t\t<\/rs-layer><!--\n\n\t\t\t\t\t\t\t--><rs-layer\n\t\t\t\t\t\t\t\tid=\"slider-57-slide-440-layer-4\" \n\t\t\t\t\t\t\t\tclass=\"rs-svg\"\n\t\t\t\t\t\t\t\tdata-type=\"svg\"\n\t\t\t\t\t\t\t\tdata-color=\"rgba(255, 255, 255, 0.5)\"\n\t\t\t\t\t\t\t\tdata-rsp_ch=\"on\"\n\t\t\t\t\t\t\t\tdata-xy=\"xo:721px,620px,510px,367px;y:b;yo:29px,29px,9px,16px;\"\n\t\t\t\t\t\t\t\tdata-text=\"fw:500;\"\n\t\t\t\t\t\t\t\tdata-dim=\"w:50px;h:50px;\"\n\t\t\t\t\t\t\t\tdata-vbility=\"t,t,f,f\"\n\t\t\t\t\t\t\t\tdata-actions='o:click;a:togglefullscreen;'\n\t\t\t\t\t\t\t\tdata-svg_src=\"\/\/bienesybienes.com\/portal\/wp-content\/plugins\/revslider\/public\/assets\/assets\/svg\/navigation\/ic_fullscreen_36px.svg\"\n\t\t\t\t\t\t\t\tdata-svgi=\"c:rgba(255, 255, 255, 0.5);\"\n\t\t\t\t\t\t\t\tdata-svgh=\"c:rgba(255, 255, 255, 1);\"\n\t\t\t\t\t\t\t\tdata-basealign=\"slide\"\n\t\t\t\t\t\t\t\tdata-frame_0=\"y:20px;tp:600;\"\n\t\t\t\t\t\t\t\tdata-frame_1=\"tp:600;e:power4.out;st:600;sp:2000;sR:600;\"\n\t\t\t\t\t\t\t\tdata-frame_999=\"o:0;tp:600;e:nothing;st:w;sR:6400;\"\n\t\t\t\t\t\t\t\tdata-frame_hover=\"c:#fff;oX:50;oY:50;sp:150;e:power2.inOut;\"\n\t\t\t\t\t\t\t\tstyle=\"z-index:8;font-family:'';cursor:pointer;\"\n\t\t\t\t\t\t\t>\n\t\t\t\t\t\t\t\t<div class=\"rs-untoggled-content\"> <\/div>\n\t\t\t\t\t\t\t\t<div class=\"rs-toggled-content\"><\/div>\n\t\t\t\t\t\t\t<\/rs-layer><!--\n-->\t\t\t\t\t\t<\/rs-slide>\n\t\t\t\t\t<\/rs-slides>\n\t\t\t\t<\/rs-module>\n\t\t\t\t<script>\n\t\t\t\t\tsetREVStartSize({c: 'rev_slider_57_1',rl:[1240,1024,778,480],el:[],gw:[800,700,400,300],gh:[600,600,500,400],type:'carousel',justify:'',layout:'fullwidth',mh:\"0\"});if (window.RS_MODULES!==undefined && window.RS_MODULES.modules!==undefined && window.RS_MODULES.modules[\"revslider571\"]!==undefined) {window.RS_MODULES.modules[\"revslider571\"].once = false;window.revapi57 = undefined;if (window.RS_MODULES.checkMinimal!==undefined) window.RS_MODULES.checkMinimal()}\n\t\t\t\t<\/script>\n\t\t\t<\/rs-module-wrap>\n\t\t\t<!-- END REVOLUTION SLIDER -->\n<\/div><div class=\"fusion-clearfix\"><\/div><\/div><\/div><\/div><\/div><\/p>\n","protected":false},"excerpt":{"rendered":"","protected":false},"author":9,"featured_media":0,"parent":0,"menu_order":0,"comment_status":"closed","ping_status":"closed","template":"100-width.php","meta":{"content-type":"","om_disable_all_campaigns":false,"_mi_skip_tracking":false},"aioseo_notices":[],"yoast_head":"<!-- This site is optimized with the Yoast SEO plugin v18.0 - https:\/\/yoast.com\/wordpress\/plugins\/seo\/ -->\n<title>Hist\u00f3rico de proyectos I Proyectos especiales I Bienes &amp; Bienes<\/title>\n<meta name=\"description\" content=\"Conoce el Hist\u00f3rico de proyectos especiales construidos por Bienes y Bienes M\u00e1s de 30 a\u00f1os en el sector inmobiliario en el Valle de Aburra\" \/>\n<meta name=\"robots\" content=\"index, follow, max-snippet:-1, max-image-preview:large, max-video-preview:-1\" \/>\n<link rel=\"canonical\" href=\"https:\/\/bienesybienes.com\/portal\/historico-de-proyectos-proyectos-especiales\/\" \/>\n<meta property=\"og:locale\" content=\"es_ES\" \/>\n<meta property=\"og:type\" content=\"article\" \/>\n<meta property=\"og:title\" content=\"Hist\u00f3rico de proyectos I Proyectos especiales I Bienes &amp; Bienes\" \/>\n<meta property=\"og:description\" content=\"Conoce el Hist\u00f3rico de proyectos especiales construidos por Bienes y Bienes M\u00e1s de 30 a\u00f1os en el sector inmobiliario en el Valle de Aburra\" \/>\n<meta property=\"og:url\" content=\"https:\/\/bienesybienes.com\/portal\/historico-de-proyectos-proyectos-especiales\/\" \/>\n<meta property=\"og:site_name\" content=\"Bienes &amp; Bienes Constructores SA | Proyectos Inmobiliarios y Venta de Apartamentos Nuevos en Medell\u00edn\" \/>\n<meta property=\"article:publisher\" content=\"https:\/\/www.facebook.com\/BienesYBienesConstructores\/?fref=ts\" \/>\n<meta property=\"article:modified_time\" content=\"2020-10-21T23:02:14+00:00\" \/>\n<meta name=\"twitter:card\" content=\"summary\" \/>\n<meta name=\"twitter:label1\" content=\"Tiempo de lectura\" \/>\n\t<meta name=\"twitter:data1\" content=\"2 minutos\" \/>\n<script type=\"application\/ld+json\" class=\"yoast-schema-graph\">{\"@context\":\"https:\/\/schema.org\",\"@graph\":[{\"@type\":\"WebSite\",\"@id\":\"https:\/\/bienesybienes.com\/portal\/#website\",\"url\":\"https:\/\/bienesybienes.com\/portal\/\",\"name\":\"Bienes &amp; Bienes Constructores SA | Proyectos Inmobiliarios y Venta de Apartamentos Nuevos en Medell\u00edn\",\"description\":\"C\u00e1mbulo, apartamentos en venta desde 290 millones ubicados Rionegro, sector BarroBlanco.\",\"potentialAction\":[{\"@type\":\"SearchAction\",\"target\":{\"@type\":\"EntryPoint\",\"urlTemplate\":\"https:\/\/bienesybienes.com\/portal\/?s={search_term_string}\"},\"query-input\":\"required name=search_term_string\"}],\"inLanguage\":\"es\"},{\"@type\":\"WebPage\",\"@id\":\"https:\/\/bienesybienes.com\/portal\/historico-de-proyectos-proyectos-especiales\/#webpage\",\"url\":\"https:\/\/bienesybienes.com\/portal\/historico-de-proyectos-proyectos-especiales\/\",\"name\":\"Hist\u00f3rico de proyectos I Proyectos especiales I Bienes & Bienes\",\"isPartOf\":{\"@id\":\"https:\/\/bienesybienes.com\/portal\/#website\"},\"datePublished\":\"2017-04-09T23:38:48+00:00\",\"dateModified\":\"2020-10-21T23:02:14+00:00\",\"description\":\"Conoce el Hist\u00f3rico de proyectos especiales construidos por Bienes y Bienes M\u00e1s de 30 a\u00f1os en el sector inmobiliario en el Valle de Aburra\",\"breadcrumb\":{\"@id\":\"https:\/\/bienesybienes.com\/portal\/historico-de-proyectos-proyectos-especiales\/#breadcrumb\"},\"inLanguage\":\"es\",\"potentialAction\":[{\"@type\":\"ReadAction\",\"target\":[\"https:\/\/bienesybienes.com\/portal\/historico-de-proyectos-proyectos-especiales\/\"]}]},{\"@type\":\"BreadcrumbList\",\"@id\":\"https:\/\/bienesybienes.com\/portal\/historico-de-proyectos-proyectos-especiales\/#breadcrumb\",\"itemListElement\":[{\"@type\":\"ListItem\",\"position\":1,\"name\":\"Portada\",\"item\":\"https:\/\/bienesybienes.com\/portal\/\"},{\"@type\":\"ListItem\",\"position\":2,\"name\":\"Hist\u00f3rico de proyectos &#8211; Proyectos especiales\"}]}]}<\/script>\n<!-- \/ Yoast SEO plugin. -->","yoast_head_json":{"title":"Hist\u00f3rico de proyectos I Proyectos especiales I Bienes & Bienes","description":"Conoce el Hist\u00f3rico de proyectos especiales construidos por Bienes y Bienes M\u00e1s de 30 a\u00f1os en el sector inmobiliario en el Valle de Aburra","robots":{"index":"index","follow":"follow","max-snippet":"max-snippet:-1","max-image-preview":"max-image-preview:large","max-video-preview":"max-video-preview:-1"},"canonical":"https:\/\/bienesybienes.com\/portal\/historico-de-proyectos-proyectos-especiales\/","og_locale":"es_ES","og_type":"article","og_title":"Hist\u00f3rico de proyectos I Proyectos especiales I Bienes & Bienes","og_description":"Conoce el Hist\u00f3rico de proyectos especiales construidos por Bienes y Bienes M\u00e1s de 30 a\u00f1os en el sector inmobiliario en el Valle de Aburra","og_url":"https:\/\/bienesybienes.com\/portal\/historico-de-proyectos-proyectos-especiales\/","og_site_name":"Bienes &amp; Bienes Constructores SA | Proyectos Inmobiliarios y Venta de Apartamentos Nuevos en Medell\u00edn","article_publisher":"https:\/\/www.facebook.com\/BienesYBienesConstructores\/?fref=ts","article_modified_time":"2020-10-21T23:02:14+00:00","twitter_card":"summary","twitter_misc":{"Tiempo de lectura":"2 minutos"},"schema":{"@context":"https:\/\/schema.org","@graph":[{"@type":"WebSite","@id":"https:\/\/bienesybienes.com\/portal\/#website","url":"https:\/\/bienesybienes.com\/portal\/","name":"Bienes &amp; Bienes Constructores SA | Proyectos Inmobiliarios y Venta de Apartamentos Nuevos en Medell\u00edn","description":"C\u00e1mbulo, apartamentos en venta desde 290 millones ubicados Rionegro, sector BarroBlanco.","potentialAction":[{"@type":"SearchAction","target":{"@type":"EntryPoint","urlTemplate":"https:\/\/bienesybienes.com\/portal\/?s={search_term_string}"},"query-input":"required name=search_term_string"}],"inLanguage":"es"},{"@type":"WebPage","@id":"https:\/\/bienesybienes.com\/portal\/historico-de-proyectos-proyectos-especiales\/#webpage","url":"https:\/\/bienesybienes.com\/portal\/historico-de-proyectos-proyectos-especiales\/","name":"Hist\u00f3rico de proyectos I Proyectos especiales I Bienes & Bienes","isPartOf":{"@id":"https:\/\/bienesybienes.com\/portal\/#website"},"datePublished":"2017-04-09T23:38:48+00:00","dateModified":"2020-10-21T23:02:14+00:00","description":"Conoce el Hist\u00f3rico de proyectos especiales construidos por Bienes y Bienes M\u00e1s de 30 a\u00f1os en el sector inmobiliario en el Valle de Aburra","breadcrumb":{"@id":"https:\/\/bienesybienes.com\/portal\/historico-de-proyectos-proyectos-especiales\/#breadcrumb"},"inLanguage":"es","potentialAction":[{"@type":"ReadAction","target":["https:\/\/bienesybienes.com\/portal\/historico-de-proyectos-proyectos-especiales\/"]}]},{"@type":"BreadcrumbList","@id":"https:\/\/bienesybienes.com\/portal\/historico-de-proyectos-proyectos-especiales\/#breadcrumb","itemListElement":[{"@type":"ListItem","position":1,"name":"Portada","item":"https:\/\/bienesybienes.com\/portal\/"},{"@type":"ListItem","position":2,"name":"Hist\u00f3rico de proyectos &#8211; Proyectos especiales"}]}]}},"_links":{"self":[{"href":"https:\/\/bienesybienes.com\/portal\/wp-json\/wp\/v2\/pages\/15190"}],"collection":[{"href":"https:\/\/bienesybienes.com\/portal\/wp-json\/wp\/v2\/pages"}],"about":[{"href":"https:\/\/bienesybienes.com\/portal\/wp-json\/wp\/v2\/types\/page"}],"author":[{"embeddable":true,"href":"https:\/\/bienesybienes.com\/portal\/wp-json\/wp\/v2\/users\/9"}],"replies":[{"embeddable":true,"href":"https:\/\/bienesybienes.com\/portal\/wp-json\/wp\/v2\/comments?post=15190"}],"version-history":[{"count":8,"href":"https:\/\/bienesybienes.com\/portal\/wp-json\/wp\/v2\/pages\/15190\/revisions"}],"predecessor-version":[{"id":25657,"href":"https:\/\/bienesybienes.com\/portal\/wp-json\/wp\/v2\/pages\/15190\/revisions\/25657"}],"wp:attachment":[{"href":"https:\/\/bienesybienes.com\/portal\/wp-json\/wp\/v2\/media?parent=15190"}],"curies":[{"name":"wp","href":"https:\/\/api.w.org\/{rel}","templated":true}]}}